{"id":12164,"date":"2017-08-23T17:10:42","date_gmt":"2017-08-23T20:10:42","guid":{"rendered":"http:\/\/thir.com.br\/portal\/?page_id=12164"},"modified":"2017-08-25T14:31:33","modified_gmt":"2017-08-25T17:31:33","slug":"povo-cigano","status":"publish","type":"page","link":"https:\/\/thir.com.br\/portal\/povo-cigano\/","title":{"rendered":"Povo Cigano"},"content":{"rendered":"<p><a href=\"http:\/\/thir.com.br\/portal\/wp-content\/uploads\/2017\/08\/Povo-Cigano-1.jpg\"><img loading=\"lazy\" decoding=\"async\" class=\"aligncenter wp-image-12424 size-full\" src=\"http:\/\/thir.com.br\/portal\/wp-content\/uploads\/2017\/08\/Povo-Cigano-1.jpg\" alt=\"\" width=\"1384\" height=\"653\" srcset=\"https:\/\/thir.com.br\/portal\/wp-content\/uploads\/2017\/08\/Povo-Cigano-1.jpg 1384w, https:\/\/thir.com.br\/portal\/wp-content\/uploads\/2017\/08\/Povo-Cigano-1-300x142.jpg 300w, https:\/\/thir.com.br\/portal\/wp-content\/uploads\/2017\/08\/Povo-Cigano-1-768x362.jpg 768w, https:\/\/thir.com.br\/portal\/wp-content\/uploads\/2017\/08\/Povo-Cigano-1-1024x483.jpg 1024w, https:\/\/thir.com.br\/portal\/wp-content\/uploads\/2017\/08\/Povo-Cigano-1-500x236.jpg 500w\" sizes=\"auto, (max-width: 1384px) 100vw, 1384px\" \/><\/a><\/p>\n<p>&nbsp;<\/p>\n<p>&nbsp;<\/p>\n<p style=\"text-align: center;\">Sou cigano do Sol e da Lua, companheiro das estrelas<br \/>\nviajante do tempo nas asas do vento pelas infinitas<br \/>\nmoradas da casa do Pai.<\/p>\n<p style=\"text-align: center;\">\u00a0Sou cigano dos campos e colinas, das terras e dos mares<br \/>\ntrago a liberdade no brilho do olhar\u00a0Livre pelas estradas<br \/>\nda vida alegre a cantar\u00a0Pelas dimens\u00f5es que se entrecruzam<br \/>\ne permite os encontros e reencontros\u00a0das caravanas que<br \/>\nviajam sem parar.<\/p>\n<p style=\"text-align: center;\">\u00a0Sou Cigano, sou livre\u00a0e livre pelos campos de luz ecoa meu canto<br \/>\npreenchendo a vida de encanto\u00a0e em qualquer lugar debaixo<br \/>\ndo c\u00e9u azul encontro meu sagrado recanto\u00a0um reinado de beleza<br \/>\nnos bra\u00e7os da Natureza<\/p>\n<p style=\"text-align: center;\">Sou Cigano, \u00a0o caminhante do tempo e do espa\u00e7o<br \/>\nsem destino, sem paradeiro\u00a0mas com objetivo:<br \/>\nLEVAR O AMOR E ALEGRIA\u00a0E \u00c0 VIDA CELEBRAR.<br \/>\nsou livre, n\u00e3o me prendo a cren\u00e7as, religi\u00f5es, templos ou lugares<br \/>\nChego onde encontro um cora\u00e7\u00e3o aberto\u00a0para celebrar a maravilha do viver.<br \/>\nUm andarilho semeador\u00a0que desconhece a dor\u00a0que reconhece em cada part\u00edcula viva<br \/>\na centelha do amor.<br \/>\ncaminhando semeio\u00a0minha semente \u00e9 meu canto\u00a0que germina e vira uma flor<br \/>\na flor \u00e9 a dan\u00e7a\u00a0que gira, movimenta\u00a0que celebra e agradece.<\/p>\n<p style=\"text-align: center;\">Sou Cigano h\u00e1 enos<br \/>\nmesmo antes de chegar aqui<br \/>\nCigano das estrelas\u00a0vindo de mundos long\u00ednquos<br \/>\nandarilho do universo\u00a0que faz dos passos do caminho uma nota,<br \/>\num verso\u00a0semeador c\u00f3smico\u00a0trazendo a beleza de onde passei<br \/>\nvivendo os sonhos que um dia sonhei\u00a0celebrando a vida que um dia ganhei.<\/p>\n<p style=\"text-align: center;\">Sou Cigano, Sou Luz\u00a0Sou filho, sou pai,\u00a0Sou criatura, sou criador<br \/>\nsou irm\u00e3o das estrelas,\u00a0viajante do eterno\u00a0instrumento do Amor<br \/>\nOptch\u00e1..!!<\/p>\n<p>&nbsp;<\/p>\n<p>&nbsp;<\/p>\n<p>&nbsp;<\/p>\n<pre>https:\/\/lilamenez.wordpress.com\/category\/historias-sobre-os-ciganos\/ciganos\/<\/pre>\n","protected":false},"excerpt":{"rendered":"<p>&nbsp; &nbsp; Sou cigano do Sol e da Lua, companheiro das estrelas viajante do tempo nas asas do vento pelas infinitas moradas da casa do Pai. \u00a0Sou cigano dos campos e colinas, das terras e dos mares trago a liberdade no brilho do olhar\u00a0Livre pelas estradas da vida alegre a cantar\u00a0Pelas dimens\u00f5es que se entrecruzam e permite os encontros e reencontros\u00a0das caravanas que viajam sem parar. \u00a0Sou Cigano, sou livre\u00a0e livre pelos campos de luz ecoa meu canto preenchendo a vida de encanto\u00a0e em qualquer lugar debaixo do c\u00e9u azul encontro meu sagrado recanto\u00a0um reinado de beleza nos bra\u00e7os da Natureza Sou Cigano, \u00a0o caminhante do tempo e do espa\u00e7o sem destino, sem paradeiro\u00a0mas com objetivo: LEVAR O AMOR E ALEGRIA\u00a0E \u00c0 VIDA CELEBRAR. sou livre, n\u00e3o me prendo a cren\u00e7as, religi\u00f5es, templos ou lugares Chego onde encontro um cora\u00e7\u00e3o aberto\u00a0para celebrar a maravilha do viver. Um andarilho semeador\u00a0que desconhece a dor\u00a0que reconhece em cada part\u00edcula viva a centelha do amor. caminhando semeio\u00a0minha semente \u00e9 meu canto\u00a0que germina e vira uma flor a flor \u00e9 a dan\u00e7a\u00a0que gira, movimenta\u00a0que celebra e agradece. Sou Cigano h\u00e1 enos mesmo antes de chegar aqui Cigano das estrelas\u00a0vindo de mundos long\u00ednquos andarilho do universo\u00a0que faz dos passos do caminho uma nota, um verso\u00a0semeador c\u00f3smico\u00a0trazendo a beleza de onde passei vivendo os sonhos que um dia sonhei\u00a0celebrando a vida que um dia ganhei. Sou Cigano, Sou Luz\u00a0Sou filho, sou pai,\u00a0Sou criatura, sou criador sou irm\u00e3o das estrelas,\u00a0viajante do eterno\u00a0instrumento do Amor Optch\u00e1..!! &nbsp; &nbsp; &nbsp; https:\/\/lilamenez.wordpress.com\/category\/historias-sobre-os-ciganos\/ciganos\/<\/p>\n","protected":false},"author":3,"featured_media":0,"parent":0,"menu_order":0,"comment_status":"closed","ping_status":"closed","template":"","meta":{"footnotes":""},"class_list":["post-12164","page","type-page","status-publish","hentry"],"_links":{"self":[{"href":"https:\/\/thir.com.br\/portal\/wp-json\/wp\/v2\/pages\/12164","targetHints":{"allow":["GET"]}}],"collection":[{"href":"https:\/\/thir.com.br\/portal\/wp-json\/wp\/v2\/pages"}],"about":[{"href":"https:\/\/thir.com.br\/portal\/wp-json\/wp\/v2\/types\/page"}],"author":[{"embeddable":true,"href":"https:\/\/thir.com.br\/portal\/wp-json\/wp\/v2\/users\/3"}],"replies":[{"embeddable":true,"href":"https:\/\/thir.com.br\/portal\/wp-json\/wp\/v2\/comments?post=12164"}],"version-history":[{"count":5,"href":"https:\/\/thir.com.br\/portal\/wp-json\/wp\/v2\/pages\/12164\/revisions"}],"predecessor-version":[{"id":12422,"href":"https:\/\/thir.com.br\/portal\/wp-json\/wp\/v2\/pages\/12164\/revisions\/12422"}],"wp:attachment":[{"href":"https:\/\/thir.com.br\/portal\/wp-json\/wp\/v2\/media?parent=12164"}],"curies":[{"name":"wp","href":"https:\/\/api.w.org\/{rel}","templated":true}]}}